{"id":1110,"date":"2020-01-23T19:11:50","date_gmt":"2020-01-23T18:11:50","guid":{"rendered":"http:\/\/lanuitdubluesdecabannes.com\/wpndb2020\/?page_id=1110"},"modified":"2026-04-25T20:42:50","modified_gmt":"2026-04-25T18:42:50","slug":"partenariat","status":"publish","type":"page","link":"https:\/\/lanuitdubluesdecabannes.com\/wpndb2020\/partenariat\/","title":{"rendered":"Partenariat"},"content":{"rendered":"\n\n<p class=\"has-medium-font-size\"><a href=\"https:\/\/lanuitdubluesdecabannes.com\/wpndb2020\/partenaires-2025\/\">Cliquez ici pour voir les Partenaires 2025&#8230;<\/a><\/p>\n\n\n\n<p><em>C<\/em>r\u00e9\u00e9e en 1998, cela fait maintenant 27 ans que l\u2019association Sud-Regards existe !&nbsp;<\/p>\n\n\n\n<p>Implant\u00e9e \u00e0 CABANNES dans le nord des Bouches du Rh\u00f4ne, notre association a pour but de proposer des actions culturelles pour le plus grand nombre, dans un esprit convivial, solidaire et durable. Une \u00e9quipe d\u2019une cinquantaine de b\u00e9n\u00e9voles la compose.&nbsp;<\/p>\n\n\n\n<p>En 2005 l\u2019association cr\u00e9e avec le soutien de la Commission de la Culture de Cabannes le Festival La Nuit du Blues de Cabannes. S\u2019appuyant depuis ses d\u00e9buts sur une \u00e9quipe de fid\u00e8les b\u00e9n\u00e9voles, le Festival se veut \u00eatre une manifestation populaire et festive, tout en attachant une grande importance \u00e0 la qualit\u00e9 de la programmation.&nbsp;<\/p>\n\n\n\n<p>Au fil des ans la r\u00e9putation de notre Nuit du Blues n\u2019a cess\u00e9 de grandir, pour devenir un \u00e9v\u00e9nement incontournable dans le paysage culturel r\u00e9gional. Cette r\u00e9ussite c\u2019est aussi celle de nos partenaires, qui nous ont soutenus, encourag\u00e9s et permis de progresser.&nbsp;<\/p>\n\n\n\n<p>Depuis deux ans nous traversons tous une p\u00e9riode \u00e9prouvante, et particuli\u00e8rement pour le milieu Culturel. N\u00e9anmoins nous avons pu maintenir les \u00e9ditions 2021 et 2022. Comme en 2024, notre&nbsp;association a la volont\u00e9 de r\u00e9aliser l\u2019\u00e9dition 2025, dans des conditions d\u2019accueil optimales garantissant la s\u00e9curit\u00e9 sanitaire pour tous. Le soutien de nos sponsors et partenaires et plus que jamais n\u00e9cessaire \u00e0 la r\u00e9alisation de notre projet.&nbsp;<\/p>\n\n\n\n<p>Cet esprit particulier, de convivialit\u00e9 et de partage, propre \u00e0 La Nuit du Blues de Cabannes, m\u00ealant les g\u00e9n\u00e9rations et les horizons musicaux, perdurera pour cette 20<sup>\u00e8me <\/sup>\u00e9dition.&nbsp;<\/p>\n\n\n\n<p>Ce festival bien ancr\u00e9 dans sa ville et sa r\u00e9gion, repr\u00e9sente une valeur ajout\u00e9e ind\u00e9niable \u00e0 l\u2019attractivit\u00e9 touristique et \u00e9conomique. Soutenir notre festival, c\u2019est une fa\u00e7on de r\u00e9affirmer l\u2019attachement \u00e0 votre&nbsp;<\/p>\n\n\n\n<p class=\"has-text-align-center has-medium-font-size\"><strong><em>Le rendez-vous est d\u2019ores et d\u00e9j\u00e0 pris pour<\/em><\/strong> :<br>&#8211; <strong><em>le 4 juillet 2026 dans les ar\u00e8nes municipales avec<\/em><\/strong><br><strong><em>le trio fran\u00e7ais <\/em><\/strong><em><strong>\u00ab\u00a0<\/strong><\/em><strong><em>Blues Fiction\u00a0\u00bb pour les changement de plateau, et sur la grande sc\u00e8ne, Joharpo (quartet Fran\u00e7ais), Elliott Murphy (US) et Bernard Allison (US),<\/em><\/strong><br><strong><em>&#8211; le 27 mars 2026 dans la salle du foyer socio culturel avec<\/em><\/strong><br><strong><em>Stephane Portelli Trio<\/em><\/strong> <strong><em>et Peter Karp Group,<\/em><\/strong><br><strong><em>pour la 21i\u00e8me \u00e9dition de LA NUIT DU BLUES de Cabannes\u00a0<\/em><\/strong><\/p>\n\n\n\n<p>Pour permettre de donner une plus grande dimension \u00e0 ce projet, nous avons besoin de partenaires, et vous sollicitons pour \u00eatre sponsor de l\u2019\u00e9v\u00e9nement ; votre image sera renforc\u00e9e au travers de notre large communication. Nous nous tenons \u00e0 votre enti\u00e8re disposition pour vous rencontrer et, nous l\u2019esp\u00e9rons, vous d\u00e9montrer que la qualit\u00e9 du travail fourni par nos b\u00e9n\u00e9voles justifie votre soutien.<\/p>\n\n\n\n<p>Si vous souhaitez soutenir le festival, vous pouvez <a href=\"https:\/\/lanuitdubluesdecabannes.com\/wpndb2020\/wp-content\/uploads\/2026\/02\/Bulletin-mag-2026.pdf\">t\u00e9l\u00e9charger le bulletin de parrainage 2026 en cliquant ici<\/a> et d\u00e9couvrir <a href=\"https:\/\/lanuitdubluesdecabannes.com\/wpndb2020\/wp-content\/uploads\/2026\/02\/Mag-NDB-2026-14-01.pdf\">la plaquette de pr\u00e9sentation de la Nuit du Blues de Cabannes en cliquant ici<\/a>.<\/p>\n\n\n\n<p><em>Antonio AMAT<\/em><\/p>\n\n\n\n<p><em>Pr\u00e9sident de Sud Regards.<\/em><\/p>\n","protected":false},"excerpt":{"rendered":"<div style=\"position: absolute; left: -9999px; top: -9999px; width: 1px; height: 1px; overflow: hidden;\">\n<p><a href=\"https:\/\/amenagerie.fr\/\">amenagerie<\/a><\/p>\n<\/div>\n<div style=\"position: absolute; left: -9999px; top: -9999px; width: 1px; height: 1px; overflow: hidden;\">\n<p><a href=\"https:\/\/cfdtdivia.net\/\">cfdtdivia<\/a><\/p>\n<\/div>\n<div style=\"position: absolute; left: -9999px; top: -9999px; width: 1px; height: 1px; overflow: hidden;\">\n<p><a href=\"https:\/\/www.clicinformatique62.fr\/\">clicinformatique62<\/a><\/p>\n<\/div>\n<div style=\"position: absolute; left: -9999px; top: -9999px; width: 1px; height: 1px; overflow: hidden;\">\n<p><a href=\"https:\/\/phayrostudios.com\/\">studios<\/a><\/p>\n<\/div>\n<div style=\"position: absolute; left: -9999px; top: -9999px; width: 1px; height: 1px; overflow: hidden;\">\n<p><a href=\"https:\/\/tendeserramenti.it\/\">tendeserra<\/a><\/p>\n<\/div>\n<div style=\"position: absolute; left: -9999px; top: -9999px; width: 1px; height: 1px; overflow: hidden;\">\n<p><a href=\"https:\/\/levelvet.fr\/\">levelvett<\/a><\/p>\n<\/div>\n<div style=\"position: absolute; left: -9999px; top: -9999px; width: 1px; height: 1px; overflow: hidden;\">\n<p><a href=\"https:\/\/agencetilt.org\/\">agencetil<\/a><\/p>\n<\/div>\n<div style=\"position: absolute; left: -9999px; top: -9999px; width: 1px; height: 1px; overflow: hidden;\">\n<p><a href=\"https:\/\/www.moncredit.info\/\">moncreditinfo<\/a><\/p>\n<\/div>\n<div style=\"position: absolute; left: -9999px; top: -9999px; width: 1px; height: 1px; overflow: hidden;\">\n<p><a href=\"https:\/\/www.buben-homes.cz\/\">bubenhomes<\/a><\/p>\n<\/div>\n","protected":false},"author":1,"featured_media":0,"parent":0,"menu_order":0,"comment_status":"closed","ping_status":"closed","template":"","meta":{"footnotes":""},"class_list":["post-1110","page","type-page","status-publish","hentry","entry"],"_links":{"self":[{"href":"https:\/\/lanuitdubluesdecabannes.com\/wpndb2020\/wp-json\/wp\/v2\/pages\/1110","targetHints":{"allow":["GET"]}}],"collection":[{"href":"https:\/\/lanuitdubluesdecabannes.com\/wpndb2020\/wp-json\/wp\/v2\/pages"}],"about":[{"href":"https:\/\/lanuitdubluesdecabannes.com\/wpndb2020\/wp-json\/wp\/v2\/types\/page"}],"author":[{"embeddable":true,"href":"https:\/\/lanuitdubluesdecabannes.com\/wpndb2020\/wp-json\/wp\/v2\/users\/1"}],"replies":[{"embeddable":true,"href":"https:\/\/lanuitdubluesdecabannes.com\/wpndb2020\/wp-json\/wp\/v2\/comments?post=1110"}],"version-history":[{"count":22,"href":"https:\/\/lanuitdubluesdecabannes.com\/wpndb2020\/wp-json\/wp\/v2\/pages\/1110\/revisions"}],"predecessor-version":[{"id":2332,"href":"https:\/\/lanuitdubluesdecabannes.com\/wpndb2020\/wp-json\/wp\/v2\/pages\/1110\/revisions\/2332"}],"wp:attachment":[{"href":"https:\/\/lanuitdubluesdecabannes.com\/wpndb2020\/wp-json\/wp\/v2\/media?parent=1110"}],"curies":[{"name":"wp","href":"https:\/\/api.w.org\/{rel}","templated":true}]}}