{"id":2207,"date":"2026-04-25T20:01:39","date_gmt":"2026-04-25T18:01:39","guid":{"rendered":"https:\/\/lanuitdubluesdecabannes.com\/wpndb2020\/?page_id=2207"},"modified":"2026-04-27T14:15:46","modified_gmt":"2026-04-27T12:15:46","slug":"concert-aux-arenes-2026-2","status":"publish","type":"page","link":"https:\/\/lanuitdubluesdecabannes.com\/wpndb2020\/concert-aux-arenes-2026-2\/","title":{"rendered":"Concert aux ar\u00e8nes 2026"},"content":{"rendered":"\n<h1 class=\"wp-block-heading\">SAMEDI 4&nbsp;JUILLET 2026<\/h1>\n\n\n\n<p><strong>Ouverture des portes 19h, concert grande sc\u00e8ne \u00e0 partir de 20h<\/strong><\/p>\n\n\n\n<p>Changement de plateau\u00a0: Le quatuor Blues Fiction (FR)<\/p>\n\n\n\n<p>Grande sc\u00e8ne :<\/p>\n\n\n\n<ul class=\"wp-block-list\">\n<li>Joharpo (quartet Fran\u00e7ais)<\/li>\n\n\n\n<li>Elliott Murphy (US)<\/li>\n\n\n\n<li>Bernard Allison (US)<\/li>\n<\/ul>\n\n\n\n<p><a href=\"https:\/\/lanuitdubluesdecabannes.com\/wpndb2020\/infos-pratiques\/\">Cliquez ICI pour les Informations Pratiques&#8230;<\/a><\/p>\n\n\n\n<p id=\"artiste7\" class=\"has-text-align-center has-large-font-size\"><\/p>\n\n\n\n<div class=\"wp-block-group\"><div class=\"wp-block-group__inner-container is-layout-flow wp-block-group-is-layout-flow\">\n<div class=\"wp-block-columns are-vertically-aligned-center is-layout-flex wp-container-core-columns-is-layout-9d6595d7 wp-block-columns-is-layout-flex\">\n<div class=\"wp-block-column is-vertically-aligned-center is-layout-flow wp-block-column-is-layout-flow\" style=\"flex-basis:100%\">\n<div class=\"wp-block-columns alignwide is-layout-flex wp-container-core-columns-is-layout-9d6595d7 wp-block-columns-is-layout-flex\">\n<div class=\"wp-block-column is-vertically-aligned-center is-layout-flow wp-block-column-is-layout-flow\">\n<h2 class=\"wp-block-heading has-text-align-center\"><strong><a href=\"spectacle@willyblues.fr\" data-type=\"link\" data-id=\"www.danielblancandc.com\" target=\"_blank\" rel=\"noreferrer noopener\">Blues Fiction<\/a><\/strong> (FR)<\/h2>\n<\/div>\n\n\n\n<div class=\"wp-block-column is-layout-flow wp-block-column-is-layout-flow\">\n<figure class=\"wp-block-image size-full\"><img loading=\"lazy\" decoding=\"async\" width=\"601\" height=\"843\" src=\"https:\/\/lanuitdubluesdecabannes.com\/wpndb2020\/wp-content\/uploads\/2026\/04\/BluesFiction.png\" alt=\"\" class=\"wp-image-2242\" srcset=\"https:\/\/lanuitdubluesdecabannes.com\/wpndb2020\/wp-content\/uploads\/2026\/04\/BluesFiction.png 601w, https:\/\/lanuitdubluesdecabannes.com\/wpndb2020\/wp-content\/uploads\/2026\/04\/BluesFiction-214x300.png 214w\" sizes=\"auto, (max-width: 601px) 100vw, 601px\" \/><\/figure>\n<\/div>\n<\/div>\n<\/div>\n<\/div>\n<\/div><\/div>\n\n\n\n<p>Blues Fiction est un quatuor de blues unique, compos\u00e9 d\u2019une guitare dobro, en alternance avec une guitare \u00e9lectrique et une basse, de deux voix puissantes, de percussions o\u00f9 chaque instrument joue un r\u00f4le cl\u00e9 dans l\u2019essence du groupe. Leur approche du blues, tout en restant ancr\u00e9e dans ses racines profondes, se distingue par une touche innovante.<\/p>\n\n\n\n<p>En revisitant les grands classiques du genre, Blues Fiction propose \u00e9galement des compositions originales chant\u00e9es en fran\u00e7ais, qui allient influences diverses et \u00e9criture personnelle.<\/p>\n\n\n\n<p>Chaque composition b\u00e9n\u00e9ficie de cette combinaison d\u2019instruments, offrant \u00e0 chaque morceau une couleur unique et imm\u00e9diatement reconnaissable. L\u2019univers musical de Blues Fiction se pr\u00e9sente ainsi comme une invitation \u00e0 red\u00e9couvrir un blues qui, tout en restant fid\u00e8le \u00e0 ses racines, allie tradition et modernit\u00e9 avec une forte empreinte contemporaine.<\/p>\n\n\n\n<p id=\"artiste8\" class=\"has-text-align-center has-large-font-size\"><\/p>\n\n\n\n<div class=\"wp-block-columns are-vertically-aligned-center is-layout-flex wp-container-core-columns-is-layout-9d6595d7 wp-block-columns-is-layout-flex\">\n<div class=\"wp-block-column is-vertically-aligned-center is-layout-flow wp-block-column-is-layout-flow\" style=\"flex-basis:100%\">\n<div class=\"wp-block-columns alignwide is-layout-flex wp-container-core-columns-is-layout-9d6595d7 wp-block-columns-is-layout-flex\">\n<div class=\"wp-block-column is-layout-flow wp-block-column-is-layout-flow\">\n<figure class=\"wp-block-image size-full\"><img loading=\"lazy\" decoding=\"async\" width=\"684\" height=\"436\" src=\"https:\/\/lanuitdubluesdecabannes.com\/wpndb2020\/wp-content\/uploads\/2026\/04\/Joharpo.jpg\" alt=\"\" class=\"wp-image-2244\" srcset=\"https:\/\/lanuitdubluesdecabannes.com\/wpndb2020\/wp-content\/uploads\/2026\/04\/Joharpo.jpg 684w, https:\/\/lanuitdubluesdecabannes.com\/wpndb2020\/wp-content\/uploads\/2026\/04\/Joharpo-300x191.jpg 300w\" sizes=\"auto, (max-width: 684px) 100vw, 684px\" \/><\/figure>\n<\/div>\n\n\n\n<div class=\"wp-block-column is-vertically-aligned-center is-layout-flow wp-block-column-is-layout-flow\">\n<h2 class=\"wp-block-heading has-text-align-center\"><a href=\"http:\/\/www.joharpo.com\/\" data-type=\"link\" data-id=\"https:\/\/hardearly.com\" target=\"_blank\" rel=\"noreferrer noopener\">Joharpo<\/a>&nbsp;(FR)<\/h2>\n<\/div>\n<\/div>\n<\/div>\n<\/div>\n\n\n\n<p>\u201cForg\u00e9e par des ann\u00e9es de tourn\u00e9es, de nombreuses exp\u00e9riences et rencontres des 2 c\u00f4t\u00e9s de l&rsquo;Atlantique, la musique de JOHARPO trace son chemin entre un Folk semi-acoustique et un Blues \u00e9lectrifi\u00e9 qui doit autant aux disques Chess qu\u2019aux rythmes du Mississippi ou \u00e0 la sc\u00e8ne actuelle d\u2019Austin&#8230; Balades au banjo, riffs rageurs de guitares, harmonica juteux, compositions originales ou reprises r\u00e9adapt\u00e9es, le quartet cultive son originalit\u00e9 et le nouvel album \u00ab Last tides of Magnolias \u00bb confirme cet ancrage musical entre respect des racines et \u00e9volution des influences.. \u201d.<\/p>\n\n\n\n<p><em>\u00ab\u00a0Un quartet qui m\u00e9lange avec une grande sensibilit\u00e9 et une ind\u00e9niable intelligence le Blues Roots et la musique Folk am\u00e9ricaine d\u2019une autre \u00e9poque \u2026 \u00a0\u00bb (Blues magazine)<\/em><strong>.<\/strong><\/p>\n\n\n\n<p><strong>Jo Callet<\/strong> : Chant, Harmonica, Banjo, Guitare<br><strong>Seb Gentry<\/strong>&nbsp;: Guitare<br><strong>Franck Mercier<\/strong>&nbsp;: Basse, Ch\u0153urs<br><strong>Guillaume Cluzel<\/strong> : Batterie<\/p>\n\n\n\n<p id=\"artiste9\" class=\"has-text-align-center has-large-font-size\"><\/p>\n\n\n\n<div class=\"wp-block-group\"><div class=\"wp-block-group__inner-container is-layout-flow wp-block-group-is-layout-flow\">\n<div class=\"wp-block-columns are-vertically-aligned-center is-layout-flex wp-container-core-columns-is-layout-9d6595d7 wp-block-columns-is-layout-flex\">\n<div class=\"wp-block-column is-vertically-aligned-center is-layout-flow wp-block-column-is-layout-flow\" style=\"flex-basis:100%\">\n<div class=\"wp-block-columns alignwide is-layout-flex wp-container-core-columns-is-layout-9d6595d7 wp-block-columns-is-layout-flex\">\n<div class=\"wp-block-column is-vertically-aligned-center is-layout-flow wp-block-column-is-layout-flow\">\n<h2 class=\"wp-block-heading has-text-align-center\"><a href=\"https:\/\/elliottmurphy.com\/\" data-type=\"link\" data-id=\"www.danielblancandc.com\" target=\"_blank\" rel=\"noreferrer noopener\">Eliott Murphy Band<\/a> (USA\/FR)<\/h2>\n<\/div>\n\n\n\n<div class=\"wp-block-column is-layout-flow wp-block-column-is-layout-flow\">\n<figure class=\"wp-block-image size-full\"><img loading=\"lazy\" decoding=\"async\" width=\"684\" height=\"601\" src=\"https:\/\/lanuitdubluesdecabannes.com\/wpndb2020\/wp-content\/uploads\/2026\/04\/ElliottMurphy.jpg\" alt=\"\" class=\"wp-image-2243\" srcset=\"https:\/\/lanuitdubluesdecabannes.com\/wpndb2020\/wp-content\/uploads\/2026\/04\/ElliottMurphy.jpg 684w, https:\/\/lanuitdubluesdecabannes.com\/wpndb2020\/wp-content\/uploads\/2026\/04\/ElliottMurphy-300x264.jpg 300w\" sizes=\"auto, (max-width: 684px) 100vw, 684px\" \/><\/figure>\n<\/div>\n<\/div>\n<\/div>\n<\/div>\n<\/div><\/div>\n\n\n\n<p><strong>Elliott Murphy <\/strong>est un musicien New Yorker expatri\u00e9 qui vit \u00e0 Paris depuis 35 ans. Rocker v\u00e9t\u00e9ran et auteur, sa carri\u00e8re musicale et litt\u00e9raire est plus vibrante que jamais. Ayant publi\u00e9 plus de 50 albums, il continue \u00e0 &nbsp;tourner \u00e0 travers l\u2019Europe, aux Etats-Unis, au Japon et reste un auteur prolifique de fiction.<\/p>\n\n\n\n<p>&nbsp;Cinq d\u00e9cennies se sont \u00e9coul\u00e9es depuis la sortie de son premier album&nbsp; AQUASHOW (1973) et les fans continuent \u00e0 envahir ses spectacles tandis que les critiques louent ses albums .<\/p>\n\n\n\n<p>N\u00e9 dans une famille de show business, Elliott d\u00e9bute sa carri\u00e8re musicale en 1971 en&nbsp; troubadour visitant l\u2019Europe. De retour aux Etats-Unis , il signe imm\u00e9diatement son premier contrat d\u2019enregistrement. De&nbsp;&nbsp;&nbsp;&nbsp; &nbsp;nombreux&nbsp; artistes connus ont figur\u00e9 sur ses albums (Phil Collins, Mick Taylor ou encore Bruce Springsteen). En 2025 sort son dernier album, INFINITY, produit et mix\u00e9 par son fils Gaspar Murphy. En 2012, Elliott Murphy re\u00e7oit la m\u00e9daille de la ville de Paris, puis est nomm\u00e9 Chevalier des Arts et des lettres par le Minist\u00e8re de la Culture.<\/p>\n\n\n\n<p id=\"artiste10\" class=\"has-text-align-center has-large-font-size\"><\/p>\n\n\n\n<div class=\"wp-block-columns are-vertically-aligned-center is-layout-flex wp-container-core-columns-is-layout-9d6595d7 wp-block-columns-is-layout-flex\">\n<div class=\"wp-block-column is-vertically-aligned-center is-layout-flow wp-block-column-is-layout-flow\" style=\"flex-basis:100%\">\n<div class=\"wp-block-columns alignwide is-layout-flex wp-container-core-columns-is-layout-9d6595d7 wp-block-columns-is-layout-flex\">\n<div class=\"wp-block-column is-layout-flow wp-block-column-is-layout-flow\">\n<figure class=\"wp-block-image size-full\"><img loading=\"lazy\" decoding=\"async\" width=\"770\" height=\"550\" src=\"https:\/\/lanuitdubluesdecabannes.com\/wpndb2020\/wp-content\/uploads\/2026\/04\/BernardAllison.jpg\" alt=\"\" class=\"wp-image-2241\" srcset=\"https:\/\/lanuitdubluesdecabannes.com\/wpndb2020\/wp-content\/uploads\/2026\/04\/BernardAllison.jpg 770w, https:\/\/lanuitdubluesdecabannes.com\/wpndb2020\/wp-content\/uploads\/2026\/04\/BernardAllison-300x214.jpg 300w, https:\/\/lanuitdubluesdecabannes.com\/wpndb2020\/wp-content\/uploads\/2026\/04\/BernardAllison-768x549.jpg 768w\" sizes=\"auto, (max-width: 770px) 100vw, 770px\" \/><\/figure>\n<\/div>\n\n\n\n<div class=\"wp-block-column is-vertically-aligned-center is-layout-flow wp-block-column-is-layout-flow\">\n<h2 class=\"wp-block-heading has-text-align-center\"><a href=\"https:\/\/www.bernardallison.com\/\" data-type=\"link\" data-id=\"https:\/\/hardearly.com\" target=\"_blank\" rel=\"noreferrer noopener\">Bernard Allison<\/a>\u00a0(USA)<\/h2>\n<\/div>\n<\/div>\n<\/div>\n<\/div>\n\n\n\n<p>Fils de la l\u00e9gende du blues Luther Allison, Bernard est n\u00e9 en 1965 \u00e0 Chicago, Depuis son plus jeune \u00e2ge, Bernard fut berc\u00e9 par le blues, son p\u00e8re, Luther Allison, \u00e9tant d\u00e9j\u00e0 un musicien respect\u00e9 et appr\u00e9ci\u00e9. Les ann\u00e9es 80 marquent le d\u00e9but de sa carri\u00e8re professionnelle, Bernard part en tourn\u00e9e avec la l\u00e9gendaire Koko Taylor.<\/p>\n\n\n\n<p>Bernard Allison cr\u00e9\u00e9 son propre style. Un m\u00e9lange audacieux de funk, de rock et de blues qui se ressentait d\u00e9j\u00e0 dans son premier album \u00ab The Next Generation \u00bb, sorti en 1990.<\/p>\n\n\n\n<p>La disparition de Luther Allison en 1997 est un tournant dans la vie de Bernard. Il prend alors la d\u00e9cision de perp\u00e9tuer l&rsquo;h\u00e9ritage musical de son p\u00e8re tout en y apportant sa propre signature. Bernard Allison ne cesse de grandir artistiquement, r\u00e9alisant des albums comme \u00ab Kentucky Fried Blues \u00bb (2002) et \u00ab Energized: Live in Europe \u00bb (2006), qui rencontrent un vif succ\u00e8s aupr\u00e8s des amateurs de blues.<\/p>\n\n\n\n<p>Non content de rester attach\u00e9 aux racines du blues, Bernard Allison exp\u00e9rimente, m\u00e9lange les genres. Son album \u00ab\u00a0Let It Go\u00a0\u00bb, sorti en 2018, a \u00e9t\u00e9 acclam\u00e9 comme \u00e9tant l&rsquo;un de ses travaux les plus aboutis, Apr\u00e8s \u201cHighs and Lows\u201d paru en 2023, Bernard pr\u00e9sente en 2024 un double album en hommage \u00e0 son p\u00e8re, \u201cLuther&rsquo;s Blues\u201d, o\u00f9 il parvient avec un profond respect \u00e0 transcender son h\u00e9ritage musical pour en faire son propre legs \u00e0 la post\u00e9rit\u00e9. \u00a0Chaque concert est une c\u00e9l\u00e9bration de la vie et une invitation \u00e0 ressentir les joies et les peines que le blues exprime si bien.<\/p>\n","protected":false},"excerpt":{"rendered":"<p>SAMEDI 4&nbsp;JUILLET 2026 Ouverture des portes 19h, concert grande sc\u00e8ne \u00e0 partir de 20h Changement de plateau\u00a0: Le quatuor Blues Fiction (FR) Grande sc\u00e8ne : Cliquez ICI pour les Informations Pratiques&#8230; Blues Fiction (FR) Blues Fiction est un quatuor de &hellip; <\/p>\n<div class=\"read-more\"><a href=\"https:\/\/lanuitdubluesdecabannes.com\/wpndb2020\/concert-aux-arenes-2026-2\/\" class=\"more-link\">Read More<\/a><\/div>\n","protected":false},"author":1,"featured_media":0,"parent":0,"menu_order":0,"comment_status":"closed","ping_status":"closed","template":"","meta":{"footnotes":""},"class_list":["post-2207","page","type-page","status-publish","hentry","entry"],"_links":{"self":[{"href":"https:\/\/lanuitdubluesdecabannes.com\/wpndb2020\/wp-json\/wp\/v2\/pages\/2207","targetHints":{"allow":["GET"]}}],"collection":[{"href":"https:\/\/lanuitdubluesdecabannes.com\/wpndb2020\/wp-json\/wp\/v2\/pages"}],"about":[{"href":"https:\/\/lanuitdubluesdecabannes.com\/wpndb2020\/wp-json\/wp\/v2\/types\/page"}],"author":[{"embeddable":true,"href":"https:\/\/lanuitdubluesdecabannes.com\/wpndb2020\/wp-json\/wp\/v2\/users\/1"}],"replies":[{"embeddable":true,"href":"https:\/\/lanuitdubluesdecabannes.com\/wpndb2020\/wp-json\/wp\/v2\/comments?post=2207"}],"version-history":[{"count":4,"href":"https:\/\/lanuitdubluesdecabannes.com\/wpndb2020\/wp-json\/wp\/v2\/pages\/2207\/revisions"}],"predecessor-version":[{"id":2356,"href":"https:\/\/lanuitdubluesdecabannes.com\/wpndb2020\/wp-json\/wp\/v2\/pages\/2207\/revisions\/2356"}],"wp:attachment":[{"href":"https:\/\/lanuitdubluesdecabannes.com\/wpndb2020\/wp-json\/wp\/v2\/media?parent=2207"}],"curies":[{"name":"wp","href":"https:\/\/api.w.org\/{rel}","templated":true}]}}